{"id":52,"date":"2019-09-12T22:46:44","date_gmt":"2019-09-12T20:46:44","guid":{"rendered":"https:\/\/umerestaurant.ch\/epalinges\/?page_id=52"},"modified":"2026-04-25T10:29:54","modified_gmt":"2026-04-25T08:29:54","slug":"platsdujour","status":"publish","type":"page","link":"https:\/\/umerestaurant.ch\/epalinges\/platsdujour\/","title":{"rendered":"&nbsp;"},"content":{"rendered":"\t\t<div data-elementor-type=\"wp-post\" data-elementor-id=\"52\" class=\"elementor elementor-52\">\n\t\t\t\t\t\t<section class=\"elementor-section elementor-top-section elementor-element elementor-element-e070097 elementor-section-boxed elementor-section-height-default elementor-section-height-default\" data-id=\"e070097\" data-element_type=\"section\">\n\t\t\t\t\t\t<div class=\"elementor-container elementor-column-gap-default\">\n\t\t\t\t\t<div class=\"elementor-column elementor-col-100 elementor-top-column elementor-element elementor-element-0602859\" data-id=\"0602859\" data-element_type=\"column\">\n\t\t\t<div class=\"elementor-widget-wrap elementor-element-populated\">\n\t\t\t\t\t\t<div class=\"elementor-element elementor-element-b75f34a elementor-widget elementor-widget-text-editor\" data-id=\"b75f34a\" data-element_type=\"widget\" data-widget_type=\"text-editor.default\">\n\t\t\t\t<div class=\"elementor-widget-container\">\n\t\t\t\t\t\t\t\t\t<p style=\"text-align: center;\"><span style=\"font-weight: bold;\">Tous les midis <\/span><span style=\"font-weight: bold;\">du mardi 28 avril \u00a0<\/span><span style=\"font-weight: bold;\">au vendredi 1er mai 2026.<\/span><\/p><p style=\"text-align: center;\"><span style=\"font-weight: bold;\">Nous vous proposons:<\/span><\/p><p><a href=\"https:\/\/umerestaurant.ch\/epalinges\/4e-2024\/\" rel=\"attachment wp-att-1226\"><img fetchpriority=\"high\" decoding=\"async\" class=\"aligncenter size-large wp-image-1226\" src=\"https:\/\/umerestaurant.ch\/epalinges\/wp-content\/uploads\/2024\/08\/4e-2024-724x1024.jpg\" alt=\"\" width=\"724\" height=\"1024\" srcset=\"https:\/\/umerestaurant.ch\/epalinges\/wp-content\/uploads\/2024\/08\/4e-2024-724x1024.jpg 724w, https:\/\/umerestaurant.ch\/epalinges\/wp-content\/uploads\/2024\/08\/4e-2024-212x300.jpg 212w, https:\/\/umerestaurant.ch\/epalinges\/wp-content\/uploads\/2024\/08\/4e-2024-768x1086.jpg 768w, https:\/\/umerestaurant.ch\/epalinges\/wp-content\/uploads\/2024\/08\/4e-2024-1086x1536.jpg 1086w, https:\/\/umerestaurant.ch\/epalinges\/wp-content\/uploads\/2024\/08\/4e-2024-1448x2048.jpg 1448w, https:\/\/umerestaurant.ch\/epalinges\/wp-content\/uploads\/2024\/08\/4e-2024-scaled.jpg 1810w\" sizes=\"(max-width: 724px) 100vw, 724px\" \/><\/a><\/p><p>\u00a0<\/p><p><a href=\"https:\/\/umerestaurant.ch\/epalinges\/5e\/\" rel=\"attachment wp-att-1206\">\u00a0<\/a><\/p>\t\t\t\t\t\t\t\t<\/div>\n\t\t\t\t<\/div>\n\t\t\t\t\t<\/div>\n\t\t<\/div>\n\t\t\t\t\t<\/div>\n\t\t<\/section>\n\t\t\t\t<section class=\"elementor-section elementor-top-section elementor-element elementor-element-2ae9b00 elementor-section-boxed elementor-section-height-default elementor-section-height-default\" data-id=\"2ae9b00\" data-element_type=\"section\">\n\t\t\t\t\t\t<div class=\"elementor-container elementor-column-gap-default\">\n\t\t\t\t\t<div class=\"elementor-column elementor-col-100 elementor-top-column elementor-element elementor-element-134a114\" data-id=\"134a114\" data-element_type=\"column\">\n\t\t\t<div class=\"elementor-widget-wrap elementor-element-populated\">\n\t\t\t\t\t\t<div class=\"elementor-element elementor-element-4a2d62e elementor-widget elementor-widget-text-editor\" data-id=\"4a2d62e\" data-element_type=\"widget\" data-widget_type=\"text-editor.default\">\n\t\t\t\t<div class=\"elementor-widget-container\">\n\t\t\t\t\t\t\t\t\t<p><span style=\"color: #ff0000;\">Nos assiettes du jour sont servies avec un bol de riz parfum\u00e9, sauf avec les nouilles saut\u00e9es.<\/span><\/p><p><span style=\"color: #ff0000;\">La composition des plats de sushis diff\u00e8re chaque jour et est choisi par le chef.<\/span><\/p><p><span style=\"color: #ff0000;\">Nos assiettes et menus du jour changent chaque semaine<\/span><\/p><p style=\"caret-color: #545454; color: #545454; font-family: Lato, sans-serif; font-size: 13px;\"><span style=\"font-weight: bold;\">L\u2019origine de nos marchandises:<\/span><\/p><p style=\"caret-color: #545454; color: #545454; font-family: Lato, sans-serif; font-size: 13px;\"><span style=\"font-weight: bold;\"><span style=\"color: #000000;\">\u00a0Poulet suisse, Boeuf suisse, Porc suisse, <\/span><\/span><span style=\"font-weight: bold;\"><span style=\"color: #000000;\">Crevettes vietnamiennes.<\/span><\/span><\/p>\t\t\t\t\t\t\t\t<\/div>\n\t\t\t\t<\/div>\n\t\t\t\t\t<\/div>\n\t\t<\/div>\n\t\t\t\t\t<\/div>\n\t\t<\/section>\n\t\t\t\t<\/div>\n\t\t","protected":false},"excerpt":{"rendered":"<p>Tous les midis du mardi 28 avril \u00a0au vendredi 1er mai 2026. Nous vous proposons: \u00a0 \u00a0 Nos assiettes du jour sont servies avec un bol de riz parfum\u00e9, sauf avec les nouilles saut\u00e9es. La composition des plats de sushis diff\u00e8re chaque jour et est&nbsp;<a class=\"read-more\" href=\"https:\/\/umerestaurant.ch\/epalinges\/platsdujour\/\">&hellip;<\/a><\/p>\n","protected":false},"author":1,"featured_media":0,"parent":0,"menu_order":0,"comment_status":"closed","ping_status":"closed","template":"","meta":{"footnotes":""},"class_list":["post-52","page","type-page","status-publish","hentry"],"yoast_head":"<!-- This site is optimized with the Yoast SEO plugin v26.2 - https:\/\/yoast.com\/wordpress\/plugins\/seo\/ -->\n<title>&nbsp; - Restaurant UME - Epalinges<\/title>\n<meta name=\"robots\" content=\"index, follow, max-snippet:-1, max-image-preview:large, max-video-preview:-1\" \/>\n<link rel=\"canonical\" href=\"https:\/\/umerestaurant.ch\/epalinges\/platsdujour\/\" \/>\n<meta property=\"og:locale\" content=\"fr_FR\" \/>\n<meta property=\"og:type\" content=\"article\" \/>\n<meta property=\"og:title\" content=\"&nbsp; - Restaurant UME - Epalinges\" \/>\n<meta property=\"og:description\" content=\"Tous les midis du mardi 28 avril \u00a0au vendredi 1er mai 2026. Nous vous proposons: \u00a0 \u00a0 Nos assiettes du jour sont servies avec un bol de riz parfum\u00e9, sauf avec les nouilles saut\u00e9es. La composition des plats de sushis diff\u00e8re chaque jour et est&nbsp;&hellip;\" \/>\n<meta property=\"og:url\" content=\"https:\/\/umerestaurant.ch\/epalinges\/platsdujour\/\" \/>\n<meta property=\"og:site_name\" content=\"Restaurant UME - Epalinges\" \/>\n<meta property=\"article:modified_time\" content=\"2026-04-25T08:29:54+00:00\" \/>\n<meta property=\"og:image\" content=\"https:\/\/umerestaurant.ch\/epalinges\/wp-content\/uploads\/2024\/08\/4e-2024-724x1024.jpg\" \/>\n<meta name=\"twitter:card\" content=\"summary_large_image\" \/>\n<meta name=\"twitter:label1\" content=\"Dur\u00e9e de lecture estim\u00e9e\" \/>\n\t<meta name=\"twitter:data1\" content=\"1 minute\" \/>\n<script type=\"application\/ld+json\" class=\"yoast-schema-graph\">{\"@context\":\"https:\/\/schema.org\",\"@graph\":[{\"@type\":\"WebPage\",\"@id\":\"https:\/\/umerestaurant.ch\/epalinges\/platsdujour\/\",\"url\":\"https:\/\/umerestaurant.ch\/epalinges\/platsdujour\/\",\"name\":\"&nbsp; - Restaurant UME - Epalinges\",\"isPartOf\":{\"@id\":\"https:\/\/umerestaurant.ch\/epalinges\/#website\"},\"primaryImageOfPage\":{\"@id\":\"https:\/\/umerestaurant.ch\/epalinges\/platsdujour\/#primaryimage\"},\"image\":{\"@id\":\"https:\/\/umerestaurant.ch\/epalinges\/platsdujour\/#primaryimage\"},\"thumbnailUrl\":\"https:\/\/umerestaurant.ch\/epalinges\/wp-content\/uploads\/2024\/08\/4e-2024-724x1024.jpg\",\"datePublished\":\"2019-09-12T20:46:44+00:00\",\"dateModified\":\"2026-04-25T08:29:54+00:00\",\"breadcrumb\":{\"@id\":\"https:\/\/umerestaurant.ch\/epalinges\/platsdujour\/#breadcrumb\"},\"inLanguage\":\"fr-FR\",\"potentialAction\":[{\"@type\":\"ReadAction\",\"target\":[\"https:\/\/umerestaurant.ch\/epalinges\/platsdujour\/\"]}]},{\"@type\":\"ImageObject\",\"inLanguage\":\"fr-FR\",\"@id\":\"https:\/\/umerestaurant.ch\/epalinges\/platsdujour\/#primaryimage\",\"url\":\"https:\/\/umerestaurant.ch\/epalinges\/wp-content\/uploads\/2024\/08\/4e-2024-scaled.jpg\",\"contentUrl\":\"https:\/\/umerestaurant.ch\/epalinges\/wp-content\/uploads\/2024\/08\/4e-2024-scaled.jpg\",\"width\":1810,\"height\":2560},{\"@type\":\"BreadcrumbList\",\"@id\":\"https:\/\/umerestaurant.ch\/epalinges\/platsdujour\/#breadcrumb\",\"itemListElement\":[{\"@type\":\"ListItem\",\"position\":1,\"name\":\"Accueil\",\"item\":\"https:\/\/umerestaurant.ch\/epalinges\/\"},{\"@type\":\"ListItem\",\"position\":2,\"name\":\"&nbsp;\"}]},{\"@type\":\"WebSite\",\"@id\":\"https:\/\/umerestaurant.ch\/epalinges\/#website\",\"url\":\"https:\/\/umerestaurant.ch\/epalinges\/\",\"name\":\"Restaurant UME - Epalinges\",\"description\":\"Sushi, cuisine japonaise &amp; asiatique\",\"potentialAction\":[{\"@type\":\"SearchAction\",\"target\":{\"@type\":\"EntryPoint\",\"urlTemplate\":\"https:\/\/umerestaurant.ch\/epalinges\/?s={search_term_string}\"},\"query-input\":{\"@type\":\"PropertyValueSpecification\",\"valueRequired\":true,\"valueName\":\"search_term_string\"}}],\"inLanguage\":\"fr-FR\"}]}<\/script>\n<!-- \/ Yoast SEO plugin. -->","yoast_head_json":{"title":"&nbsp; - Restaurant UME - Epalinges","robots":{"index":"index","follow":"follow","max-snippet":"max-snippet:-1","max-image-preview":"max-image-preview:large","max-video-preview":"max-video-preview:-1"},"canonical":"https:\/\/umerestaurant.ch\/epalinges\/platsdujour\/","og_locale":"fr_FR","og_type":"article","og_title":"&nbsp; - Restaurant UME - Epalinges","og_description":"Tous les midis du mardi 28 avril \u00a0au vendredi 1er mai 2026. Nous vous proposons: \u00a0 \u00a0 Nos assiettes du jour sont servies avec un bol de riz parfum\u00e9, sauf avec les nouilles saut\u00e9es. La composition des plats de sushis diff\u00e8re chaque jour et est&nbsp;&hellip;","og_url":"https:\/\/umerestaurant.ch\/epalinges\/platsdujour\/","og_site_name":"Restaurant UME - Epalinges","article_modified_time":"2026-04-25T08:29:54+00:00","og_image":[{"url":"https:\/\/umerestaurant.ch\/epalinges\/wp-content\/uploads\/2024\/08\/4e-2024-724x1024.jpg","type":"","width":"","height":""}],"twitter_card":"summary_large_image","twitter_misc":{"Dur\u00e9e de lecture estim\u00e9e":"1 minute"},"schema":{"@context":"https:\/\/schema.org","@graph":[{"@type":"WebPage","@id":"https:\/\/umerestaurant.ch\/epalinges\/platsdujour\/","url":"https:\/\/umerestaurant.ch\/epalinges\/platsdujour\/","name":"&nbsp; - Restaurant UME - Epalinges","isPartOf":{"@id":"https:\/\/umerestaurant.ch\/epalinges\/#website"},"primaryImageOfPage":{"@id":"https:\/\/umerestaurant.ch\/epalinges\/platsdujour\/#primaryimage"},"image":{"@id":"https:\/\/umerestaurant.ch\/epalinges\/platsdujour\/#primaryimage"},"thumbnailUrl":"https:\/\/umerestaurant.ch\/epalinges\/wp-content\/uploads\/2024\/08\/4e-2024-724x1024.jpg","datePublished":"2019-09-12T20:46:44+00:00","dateModified":"2026-04-25T08:29:54+00:00","breadcrumb":{"@id":"https:\/\/umerestaurant.ch\/epalinges\/platsdujour\/#breadcrumb"},"inLanguage":"fr-FR","potentialAction":[{"@type":"ReadAction","target":["https:\/\/umerestaurant.ch\/epalinges\/platsdujour\/"]}]},{"@type":"ImageObject","inLanguage":"fr-FR","@id":"https:\/\/umerestaurant.ch\/epalinges\/platsdujour\/#primaryimage","url":"https:\/\/umerestaurant.ch\/epalinges\/wp-content\/uploads\/2024\/08\/4e-2024-scaled.jpg","contentUrl":"https:\/\/umerestaurant.ch\/epalinges\/wp-content\/uploads\/2024\/08\/4e-2024-scaled.jpg","width":1810,"height":2560},{"@type":"BreadcrumbList","@id":"https:\/\/umerestaurant.ch\/epalinges\/platsdujour\/#breadcrumb","itemListElement":[{"@type":"ListItem","position":1,"name":"Accueil","item":"https:\/\/umerestaurant.ch\/epalinges\/"},{"@type":"ListItem","position":2,"name":"&nbsp;"}]},{"@type":"WebSite","@id":"https:\/\/umerestaurant.ch\/epalinges\/#website","url":"https:\/\/umerestaurant.ch\/epalinges\/","name":"Restaurant UME - Epalinges","description":"Sushi, cuisine japonaise &amp; asiatique","potentialAction":[{"@type":"SearchAction","target":{"@type":"EntryPoint","urlTemplate":"https:\/\/umerestaurant.ch\/epalinges\/?s={search_term_string}"},"query-input":{"@type":"PropertyValueSpecification","valueRequired":true,"valueName":"search_term_string"}}],"inLanguage":"fr-FR"}]}},"jetpack_sharing_enabled":true,"_links":{"self":[{"href":"https:\/\/umerestaurant.ch\/epalinges\/wp-json\/wp\/v2\/pages\/52","targetHints":{"allow":["GET"]}}],"collection":[{"href":"https:\/\/umerestaurant.ch\/epalinges\/wp-json\/wp\/v2\/pages"}],"about":[{"href":"https:\/\/umerestaurant.ch\/epalinges\/wp-json\/wp\/v2\/types\/page"}],"author":[{"embeddable":true,"href":"https:\/\/umerestaurant.ch\/epalinges\/wp-json\/wp\/v2\/users\/1"}],"replies":[{"embeddable":true,"href":"https:\/\/umerestaurant.ch\/epalinges\/wp-json\/wp\/v2\/comments?post=52"}],"version-history":[{"count":731,"href":"https:\/\/umerestaurant.ch\/epalinges\/wp-json\/wp\/v2\/pages\/52\/revisions"}],"predecessor-version":[{"id":1578,"href":"https:\/\/umerestaurant.ch\/epalinges\/wp-json\/wp\/v2\/pages\/52\/revisions\/1578"}],"wp:attachment":[{"href":"https:\/\/umerestaurant.ch\/epalinges\/wp-json\/wp\/v2\/media?parent=52"}],"curies":[{"name":"wp","href":"https:\/\/api.w.org\/{rel}","templated":true}]}}